{"id":22028,"date":"2022-02-16T22:34:23","date_gmt":"2022-02-17T03:34:23","guid":{"rendered":"https:\/\/www.concoursmontreal.ca\/?post_type=cmim-competitors&#038;p=22028"},"modified":"2022-06-20T23:26:59","modified_gmt":"2022-06-21T03:26:59","slug":"jihoon-son","status":"publish","type":"cmim-competitors","link":"https:\/\/www.concoursmontreal.ca\/fr\/concurrents\/jihoon-son\/","title":{"rendered":"Jihoon Son"},"content":{"rendered":"<h2 style=\"text-align: left;\">VoIx 2022 &#8211; Volet Aria<\/h2>\n<p style=\"text-align: left;\"><span style=\"font-size: 16px;\"><strong><span style=\"color: #fc4237;\">Demi-finaliste<\/span><\/strong><\/span><\/p>\n<p>&nbsp;<\/p>\n<p style=\"text-align: left;\"><a class=\"maxbutton-66 maxbutton maxbutton-voix-2022\" href=\"https:\/\/www.concoursmontreal.ca\/fr\/decouvrez-le-cmim\/archives\/voix-2022\/\"><span class='mb-text'>Voix 2022<\/span><\/a><\/p>\n<p style=\"text-align: left;\"><\/p>\n<p>&nbsp;<\/p>\n<h2 style=\"text-align: left;\"><strong>T\u00e9nor<\/strong><\/h2>\n<p>&nbsp;<\/p>\n<p style=\"text-align: left;\">2022 : N\u00e9 \u00e0 S\u00e9oul, le t\u00e9nor Jihoon Son est actuellement bas\u00e9 \u00e0 Munich \u00e0 la Bayerische Theaterakademie August Everding. Au Concours de cette ann\u00e9e, il est pr\u00eat \u00e0 montrer ses sp\u00e9cialit\u00e9s : des aigus palpitants et une agilit\u00e9 vocale unique.<\/p>\n<p style=\"text-align: left;\">Dipl\u00f4m\u00e9 de l&rsquo;Universit\u00e9 nationale des arts de Cor\u00e9e, Jihoon Son a fait ses d\u00e9buts lyriques au Centre des arts de S\u00e9oul dans le r\u00f4le de Tamino dans <em>La Fl\u00fbte enchant\u00e9e<\/em>. Dans des r\u00f4les appr\u00e9ci\u00e9s tels que Nemorino dans <em>L&rsquo;\u00e9lixir d&rsquo;amour<\/em> et Lysandre dans <em>Le Songe d&rsquo;une nuit d&rsquo;\u00e9t\u00e9<\/em>, le t\u00e9nor sud-cor\u00e9en se r\u00e9v\u00e8le \u00eatre une \u00e9toile montante de la sc\u00e8ne lyrique.<\/p>\n<p>&nbsp;<\/p>\n<p style=\"text-align: left;\"><b><span data-contrast=\"none\">Formation<\/span><\/b>\u00a0<\/p>\n<p style=\"text-align: left;\">2019\u00a0: <em>Hochschule f\u00fcr Musik und Theater M\u00fcnchen<\/em> (<em>Operngesang<\/em>), Ma\u00eetrise<\/p>\n<p style=\"text-align: left;\">2011\u00a0: Universit\u00e9 nationale des arts de Cor\u00e9e, Baccalaur\u00e9at<\/p>\n<p style=\"text-align: left;\"><strong>Professeurs principaux<\/strong><\/p>\n<ul>\n<li style=\"text-align: left;\">Simon Yang, 2011-2016<\/li>\n<li style=\"text-align: left;\">Andreas Schmidt, 2019-actuellement<\/li>\n<\/ul>\n<p style=\"text-align: left;\"><b><span data-contrast=\"none\">Prix et bourses<\/span><\/b>\u00a0<\/p>\n<ul>\n<li>2021\u00a0: 3<sup>e <\/sup>prix, prix sp\u00e9cial, Eva Marton International Singing Competition<\/li>\n<\/ul>\n<p>&nbsp;<\/p>\n<h2 style=\"text-align: left;\"><b><span data-contrast=\"none\">Programme<\/span><\/b><\/h2>\n<p style=\"text-align: left;\"><u>PREMI\u00c8RE \u00c9PREUVE (avec piano)<\/u><\/p>\n<p style=\"text-align: left;\"><strong>RICHARD STRAUSS<\/strong> Di rigori armato il seno<br \/><em>(Le chevalier \u00e0 la rose)<\/em><\/p>\n<p style=\"text-align: left;\"><strong>GIOACHINO ROSSINI<\/strong> Languir per una bella<br \/><em>(L\u2019Italienne \u00e0 Alger)<\/em><\/p>\n<p style=\"text-align: left;\"><strong>CHARLES GOUNOD <\/strong>Salut! Demeure chaste et pure<br \/><em>(Faust)<\/em><\/p>\n<p style=\"text-align: left;\">\u00a0<\/p>\n<p style=\"text-align: left;\"><u>DEMI-FINALE<\/u><\/p>\n<p style=\"text-align: left;\"><strong>JULES MASSENET<\/strong> Pourquoi me r\u00e9veiller ?<br \/><em>(Werther)<\/em><\/p>\n<p style=\"text-align: left;\"><strong>GIAOCHINO ROSSINI<\/strong> Si, ritrovarla io giuro<br \/><em>(Cendrillon)<\/em><\/p>\n<p style=\"text-align: left;\"><strong>GIACOMO PUCCINI<\/strong> Che gelida manina<br \/><em>(La Boh\u00e8me)<\/em><\/p>\n<p style=\"text-align: left;\">\u00a0<\/p>\n<p style=\"text-align: left;\"><em>Jihoon Son est g\u00e9n\u00e9reusement marrain\u00e9 par Mariella Pandolfi.<\/em><\/p>\n<p><a href=\"https:\/\/www.concoursmontreal.ca\/fr\/concurrents\/jonah-spungin\/\"><img loading=\"lazy\" decoding=\"async\" class=\"alignright wp-image-17690 size-full\" src=\"\/wp-content\/uploads\/2021\/02\/next-button.png\" alt=\"\" width=\"80\" height=\"80\" \/><\/a><\/p>\n<p>&nbsp;<\/p>\n<p style=\"text-align: left;\"><a class=\"maxbutton-74 maxbutton maxbutton-donnez-au-concours\" href=\"https:\/\/www.concoursmontreal.ca\/fr\/appuyez\/faire-un-don\/\"><span class='mb-text'>DONNEZ AU CONCOURS<\/span><\/a><\/p>\n","protected":false},"excerpt":{"rendered":"<p>VoIx 2022 &#8211; Volet Aria Demi-finaliste &nbsp; &nbsp; T\u00e9nor &nbsp; 2022 : N\u00e9 \u00e0 S\u00e9oul, le t\u00e9nor Jihoon Son est actuellement bas\u00e9 \u00e0 Munich \u00e0 la Bayerische Theaterakademie August Everding. Au Concours de cette ann\u00e9e, il est pr\u00eat \u00e0 montrer ses sp\u00e9cialit\u00e9s : des aigus palpitants et une agilit\u00e9 vocale unique. Dipl\u00f4m\u00e9 de l&rsquo;Universit\u00e9 nationale [&hellip;]<\/p>\n","protected":false},"featured_media":22308,"template":"","class_list":["post-22028","cmim-competitors","type-cmim-competitors","status-publish","has-post-thumbnail","hentry"],"acf":{"cmim_competitors_photo_credits":"","cmim_competitors_date_of_birth":"13\/10\/1990","cmim_competitors_country":"Cor\u00e9e du Sud","cmim_competitors_range":"T\u00e9nor"},"featured_media_src_url":"\/wp-content\/uploads\/2022\/02\/Jihoon_Son-voix2022-01-400.jpg","_links":{"self":[{"href":"https:\/\/www.concoursmontreal.ca\/fr\/wp-json\/wp\/v2\/cmim-competitors\/22028","targetHints":{"allow":["GET"]}}],"collection":[{"href":"https:\/\/www.concoursmontreal.ca\/fr\/wp-json\/wp\/v2\/cmim-competitors"}],"about":[{"href":"https:\/\/www.concoursmontreal.ca\/fr\/wp-json\/wp\/v2\/types\/cmim-competitors"}],"version-history":[{"count":6,"href":"https:\/\/www.concoursmontreal.ca\/fr\/wp-json\/wp\/v2\/cmim-competitors\/22028\/revisions"}],"predecessor-version":[{"id":25512,"href":"https:\/\/www.concoursmontreal.ca\/fr\/wp-json\/wp\/v2\/cmim-competitors\/22028\/revisions\/25512"}],"wp:featuredmedia":[{"embeddable":true,"href":"https:\/\/www.concoursmontreal.ca\/fr\/wp-json\/wp\/v2\/media\/22308"}],"wp:attachment":[{"href":"https:\/\/www.concoursmontreal.ca\/fr\/wp-json\/wp\/v2\/media?parent=22028"}],"curies":[{"name":"wp","href":"https:\/\/api.w.org\/{rel}","templated":true}]}}