{"id":22038,"date":"2022-02-16T22:46:17","date_gmt":"2022-02-17T03:46:17","guid":{"rendered":"https:\/\/www.concoursmontreal.ca\/?post_type=cmim-competitors&#038;p=22038"},"modified":"2022-06-20T23:25:37","modified_gmt":"2022-06-21T03:25:37","slug":"karoline-podolak","status":"publish","type":"cmim-competitors","link":"https:\/\/www.concoursmontreal.ca\/fr\/concurrents\/karoline-podolak\/","title":{"rendered":"Karoline Podolak"},"content":{"rendered":"<h2 style=\"text-align: left;\">VoIx 2022 &#8211; Volet Aria<\/h2>\n<p style=\"text-align: left;\"><a class=\"maxbutton-66 maxbutton maxbutton-voix-2022\" href=\"https:\/\/www.concoursmontreal.ca\/fr\/decouvrez-le-cmim\/archives\/voix-2022\/\"><span class='mb-text'>Voix 2022<\/span><\/a><\/p>\n<p style=\"text-align: left;\"><\/p>\n<p>&nbsp;<\/p>\n<h2 style=\"text-align: left;\"><strong>Soprano<\/strong><\/h2>\n<p>&nbsp;<\/p>\n<p style=\"text-align: left;\">2022 : La soprano canado-polonaise Karoline Podolak se pr\u00e9sente \u00e0 Voix 2022 apr\u00e8s une ann\u00e9e fulgurante de victoires en comp\u00e9tition internationale. Rien qu&rsquo;en 2021, elle a remport\u00e9 le premier prix du tournoi de l&rsquo;Acad\u00e9mie polonaise de musique et le premier prix et le prix du public au XVII<sup>e<\/sup> Great Tenor Gala Festival, et a \u00e9t\u00e9 demi-finaliste au Concorso Lirico Internazionale di Portofino en Italie.<\/p>\n<p style=\"text-align: left;\">Originaire de Toronto, elle a fr\u00e9quent\u00e9 la Radio and Television Arts School of Media de l&rsquo;Universit\u00e9 Ryerson avant de poursuivre des \u00e9tudes d&rsquo;op\u00e9ra \u00e0 l&rsquo;Acad\u00e9mie de musique K. Szymanowski en Pologne.<\/p>\n<p style=\"text-align: left;\">Karoline Podolak a fait ses d\u00e9buts lyriques \u00e0 l&rsquo;Op\u00e9ra de Sil\u00e9sie en Pologne, en cr\u00e9ant <em>Verbum Nobile<\/em> de Moniusko et en revenant plus tard pour chanter l&rsquo;aventuri\u00e8re Ad\u00e8le dans <em>Die Fledermaus<\/em>. Cette saison, elle a fait ses d\u00e9buts \u00e0 l&rsquo;Op\u00e9ra et au Ballet de Sofia dans le r\u00f4le de Violetta dans <em>La traviata<\/em> et de Zerlina dans <em>Don Giovanni<\/em> au <em>Teatro Coccia<\/em> en Italie.<\/p>\n<p>&nbsp;<\/p>\n<p style=\"text-align: left;\"><b><span data-contrast=\"none\">Formation<\/span><\/b>\u00a0<\/p>\n<p style=\"text-align: left;\">2019-2021\u00a0: Karol Szymanowski Acad\u00e9mie de musique \u00e0 Katowice, Pologne, Ma\u00eetrise<\/p>\n<p style=\"text-align: left;\">2011-2015\u00a0: <em>Ryerson University<\/em>, Baccalaur\u00e9at<\/p>\n<p style=\"text-align: left;\"><strong>Professeurs principaux<\/strong><\/p>\n<ul>\n<li style=\"text-align: left;\">Kinga Mitrowska, 2016-present<\/li>\n<li style=\"text-align: left;\">Ewa Biegas, 2019-2021<\/li>\n<li style=\"text-align: left;\">Grzegorz Biegas, 2019-2021<\/li>\n<\/ul>\n<p style=\"text-align: left;\"><b><span data-contrast=\"none\">Prix et bourses<\/span><\/b>\u00a0<\/p>\n<ul>\n<li>2022: Laur\u00e9ate du prix d&rsquo;encouragement du\u00a0<em>Metropolitan Opera Laffont Competition<\/em>, finale de la r\u00e9gion des Grands Lacs<\/li>\n<li>2022: Laur\u00e9ate du concours\u00a0<em>Metropolitan Opera Laffont Competition,\u00a0<\/em>Buffalo\/Toronto<\/li>\n<li>2021: Laur\u00e9ate de sept prix, Jeunes Ambassadeurs Lyriques, Montr\u00e9al<\/li>\n<li>2021\u00a0: 1<sup>er<\/sup> prix, tournoi de l&rsquo;Acad\u00e9mie polonaise de musique. \u0141\u00f3d\u017a<\/li>\n<li>2021 : Prix du public\/1<sup>er<\/sup> prix, <em>XVII Great Tenor Gala Festival<\/em>. Ciechocinek, Pologne<\/li>\n<\/ul>\n<p>&nbsp;<\/p>\n<h2 style=\"text-align: left;\"><b><span data-contrast=\"none\">Programme<\/span><\/b><\/h2>\n<p style=\"text-align: left;\"><u>PREMI\u00c8RE \u00c9PREUVE (avec piano)<\/u><\/p>\n<p style=\"text-align: left;\"><strong>AMBROISE THOMAS<\/strong> Je suis Titania<br \/><em>(Mignon)<\/em><\/p>\n<p style=\"text-align: left;\"><strong>KAROL SZYMANOWSKI<\/strong> Pie\u015b\u0144 Roksany<br \/><em>(Le Roi Roger) <\/em><\/p>\n<p style=\"text-align: left;\"><strong>GIACOMO MEYERBEER<\/strong> Ombre l\u00e9g\u00e8re<br \/><em>(Le pardon de Plo\u00ebrmel)\u00a0<\/em><\/p>\n<p>&nbsp;<\/p>\n<p style=\"text-align: left;\"><a href=\"https:\/\/www.karolinepodolak.com\/\" target=\"_blank\" rel=\"noopener\"><strong>Site Web<\/strong><\/a><\/p>\n<p style=\"text-align: left;\">\u00a0<\/p>\n<p style=\"text-align: left;\"><em>Karoline Podolak est g\u00e9n\u00e9reusement parrain\u00e9e par Janine Bombardier et Sadok Besrour.<\/em><\/p>\n<p><a href=\"https:\/\/www.concoursmontreal.ca\/fr\/concurrents\/julia-sitkovetsky\"><img loading=\"lazy\" decoding=\"async\" class=\"alignright wp-image-17690 size-full\" src=\"\/wp-content\/uploads\/2021\/02\/next-button.png\" alt=\"\" width=\"80\" height=\"80\" \/><\/a><\/p>\n<p>&nbsp;<\/p>\n<p style=\"text-align: left;\"><a class=\"maxbutton-74 maxbutton maxbutton-donnez-au-concours\" href=\"https:\/\/www.concoursmontreal.ca\/fr\/appuyez\/faire-un-don\/\"><span class='mb-text'>DONNEZ AU CONCOURS<\/span><\/a><\/p>\n","protected":false},"excerpt":{"rendered":"<p>VoIx 2022 &#8211; Volet Aria &nbsp; Soprano &nbsp; 2022 : La soprano canado-polonaise Karoline Podolak se pr\u00e9sente \u00e0 Voix 2022 apr\u00e8s une ann\u00e9e fulgurante de victoires en comp\u00e9tition internationale. Rien qu&rsquo;en 2021, elle a remport\u00e9 le premier prix du tournoi de l&rsquo;Acad\u00e9mie polonaise de musique et le premier prix et le prix du public au [&hellip;]<\/p>\n","protected":false},"featured_media":22314,"template":"","class_list":["post-22038","cmim-competitors","type-cmim-competitors","status-publish","has-post-thumbnail","hentry"],"acf":{"cmim_competitors_photo_credits":"","cmim_competitors_date_of_birth":"11\/02\/1993","cmim_competitors_country":"Canada|Pologne","cmim_competitors_range":"Soprano"},"featured_media_src_url":"\/wp-content\/uploads\/2022\/02\/Karoline_Podolak-voix2022-01-400.jpg","_links":{"self":[{"href":"https:\/\/www.concoursmontreal.ca\/fr\/wp-json\/wp\/v2\/cmim-competitors\/22038","targetHints":{"allow":["GET"]}}],"collection":[{"href":"https:\/\/www.concoursmontreal.ca\/fr\/wp-json\/wp\/v2\/cmim-competitors"}],"about":[{"href":"https:\/\/www.concoursmontreal.ca\/fr\/wp-json\/wp\/v2\/types\/cmim-competitors"}],"version-history":[{"count":6,"href":"https:\/\/www.concoursmontreal.ca\/fr\/wp-json\/wp\/v2\/cmim-competitors\/22038\/revisions"}],"predecessor-version":[{"id":23554,"href":"https:\/\/www.concoursmontreal.ca\/fr\/wp-json\/wp\/v2\/cmim-competitors\/22038\/revisions\/23554"}],"wp:featuredmedia":[{"embeddable":true,"href":"https:\/\/www.concoursmontreal.ca\/fr\/wp-json\/wp\/v2\/media\/22314"}],"wp:attachment":[{"href":"https:\/\/www.concoursmontreal.ca\/fr\/wp-json\/wp\/v2\/media?parent=22038"}],"curies":[{"name":"wp","href":"https:\/\/api.w.org\/{rel}","templated":true}]}}