{"id":22040,"date":"2022-02-16T21:45:59","date_gmt":"2022-02-17T02:45:59","guid":{"rendered":"https:\/\/www.concoursmontreal.ca\/?post_type=cmim-competitors&#038;p=22040"},"modified":"2022-06-20T23:24:57","modified_gmt":"2022-06-21T03:24:57","slug":"jusung-gabriel-park","status":"publish","type":"cmim-competitors","link":"https:\/\/www.concoursmontreal.ca\/fr\/concurrents\/jusung-gabriel-park\/","title":{"rendered":"Jusung Gabriel Park"},"content":{"rendered":"<h2 style=\"text-align: left;\">VoIx 2022 &#8211; Volet Aria<\/h2>\n<p style=\"text-align: left;\"><a class=\"maxbutton-66 maxbutton maxbutton-voix-2022\" href=\"https:\/\/www.concoursmontreal.ca\/fr\/decouvrez-le-cmim\/archives\/voix-2022\/\"><span class='mb-text'>Voix 2022<\/span><\/a><\/p>\n<p style=\"text-align: left;\"><\/p>\n<p>&nbsp;<\/p>\n<h2 style=\"text-align: left;\">Baryton-basse<\/h2>\n<p>&nbsp;<\/p>\n<p style=\"text-align: left;\">2022 : Jusung Gabriel Park arrive \u00e0 Voix 2022 apr\u00e8s avoir particip\u00e9 \u00e0 deux des concours vocaux les plus prestigieux au monde. En 2021, le baryton- basse sud-cor\u00e9en a \u00e9t\u00e9 laur\u00e9at du troisi\u00e8me prix du Concours Operalia de Pl\u00e1cido Domingo et finaliste du concours de la BBC Cardiff Singer of the World.<\/p>\n<p style=\"text-align: left;\">Jusung Gabriel Park a rejoint la R\u00e9sidence de chant de l&rsquo;Acad\u00e9mie d&rsquo;Aix-en-Provence de 2021 et a chant\u00e9 pour la c\u00e9l\u00e8bre p\u00e9dagogue Edith Wiens avec l&rsquo;International Meistersinger Akademie.<\/p>\n<p style=\"text-align: left;\">Sur sc\u00e8ne, Jusung Gabriel Park a interpr\u00e9t\u00e9 les r\u00f4les embl\u00e9matiques de Figaro dans <em>Les Noces de Figaro<\/em> et de Leporello dans <em>Don Giovanni<\/em> avec le <em>Theater Rudolstadt<\/em> d\u2019Allemagne. Il sera membre du Vienna State Opera Studio pendant la saison 2023-24.<\/p>\n<p>&nbsp;<\/p>\n<p style=\"text-align: left;\"><b><span data-contrast=\"none\">Formation<\/span><\/b>\u00a0<\/p>\n<p style=\"text-align: left;\">Acad\u00e9mie de musique et des arts du spectacle de Vienne, Ma\u00eetrise<\/p>\n<p style=\"text-align: left;\">Yonsei University (S\u00e9oul), Baccalaur\u00e9at<\/p>\n<p style=\"text-align: left;\"><strong>Professeurs principaux<\/strong><\/p>\n<ul>\n<li style=\"text-align: left;\">Kwandong Kim<\/li>\n<li style=\"text-align: left;\">Hye-kyung Hong<\/li>\n<li style=\"text-align: left;\">Changgon Kim<\/li>\n<li style=\"text-align: left;\">Margit Klaushofer<\/li>\n<li style=\"text-align: left;\">Florian Boesch<\/li>\n<\/ul>\n<p style=\"text-align: left;\"><b><span data-contrast=\"none\">Prix et bourses<\/span><\/b>\u00a0<\/p>\n<ul>\n<li>2021: 3e prix, <em>Operalia Competition<\/em><\/li>\n<li>3e prix, <em>Schubert Lied Competition<\/em> Cor\u00e9e<\/li>\n<li>M\u00e9daille d\u2019argent (prix du directeur musical de l\u2019Op\u00e9ra national de Cor\u00e9e), <em>Korea National Opera Competition<\/em><\/li>\n<\/ul>\n<p>&nbsp;<\/p>\n<h2 style=\"text-align: left;\"><b><span data-contrast=\"none\">Programme<\/span><\/b><\/h2>\n<p style=\"text-align: left;\"><u>PREMI\u00c8RE \u00c9PREUVE (avec piano)<\/u><\/p>\n<p style=\"text-align: left;\"><strong>WOLFGANG AMADEUS MOZART<\/strong> Madamina, il catalogo \u00e8 questo<br \/><em>(Don Giovanni)<\/em><\/p>\n<p style=\"text-align: left;\"><strong>GEORGE FRIDERIC H\u00c4NDEL<\/strong> Tirannia gli diede il regno<br \/><em>(Rodelinda)<\/em><\/p>\n<p style=\"text-align: left;\"><strong>GIOACHINO <\/strong><strong>ROSSINI<\/strong> Accusata di furto<br \/><em>(La pie voleuse) <\/em><\/p>\n<p style=\"text-align: left;\">\u00a0<\/p>\n<p style=\"text-align: left;\"><a href=\"https:\/\/www.jusunggabrielpark.com\/\" target=\"_blank\" rel=\"noopener\"><strong>Site Web<\/strong><\/a><\/p>\n<p style=\"text-align: left;\">\u00a0<\/p>\n<p style=\"text-align: left;\"><em>Jusung Gabriel Park est g\u00e9n\u00e9reusement marrain\u00e9 par Ann Birks.<\/em><\/p>\n<p><a href=\"https:\/\/www.concoursmontreal.ca\/fr\/concurrents\/karoline-podolak\"><img loading=\"lazy\" decoding=\"async\" class=\"alignright wp-image-17690 size-full\" src=\"\/wp-content\/uploads\/2021\/02\/next-button.png\" alt=\"\" width=\"80\" height=\"80\" \/><\/a><\/p>\n<p>&nbsp;<\/p>\n<p style=\"text-align: left;\"><a class=\"maxbutton-74 maxbutton maxbutton-donnez-au-concours\" href=\"https:\/\/www.concoursmontreal.ca\/fr\/appuyez\/faire-un-don\/\"><span class='mb-text'>DONNEZ AU CONCOURS<\/span><\/a><\/p>\n","protected":false},"excerpt":{"rendered":"<p>VoIx 2022 &#8211; Volet Aria &nbsp; Baryton-basse &nbsp; 2022 : Jusung Gabriel Park arrive \u00e0 Voix 2022 apr\u00e8s avoir particip\u00e9 \u00e0 deux des concours vocaux les plus prestigieux au monde. En 2021, le baryton- basse sud-cor\u00e9en a \u00e9t\u00e9 laur\u00e9at du troisi\u00e8me prix du Concours Operalia de Pl\u00e1cido Domingo et finaliste du concours de la BBC [&hellip;]<\/p>\n","protected":false},"featured_media":22312,"template":"","class_list":["post-22040","cmim-competitors","type-cmim-competitors","status-publish","has-post-thumbnail","hentry"],"acf":{"cmim_competitors_photo_credits":"","cmim_competitors_date_of_birth":"27\/09\/1993","cmim_competitors_country":"Cor\u00e9e du Sud","cmim_competitors_range":"Baryton-basse"},"featured_media_src_url":"\/wp-content\/uploads\/2022\/02\/Jusung_Park-voix2022-01-400.jpg","_links":{"self":[{"href":"https:\/\/www.concoursmontreal.ca\/fr\/wp-json\/wp\/v2\/cmim-competitors\/22040","targetHints":{"allow":["GET"]}}],"collection":[{"href":"https:\/\/www.concoursmontreal.ca\/fr\/wp-json\/wp\/v2\/cmim-competitors"}],"about":[{"href":"https:\/\/www.concoursmontreal.ca\/fr\/wp-json\/wp\/v2\/types\/cmim-competitors"}],"version-history":[{"count":6,"href":"https:\/\/www.concoursmontreal.ca\/fr\/wp-json\/wp\/v2\/cmim-competitors\/22040\/revisions"}],"predecessor-version":[{"id":25506,"href":"https:\/\/www.concoursmontreal.ca\/fr\/wp-json\/wp\/v2\/cmim-competitors\/22040\/revisions\/25506"}],"wp:featuredmedia":[{"embeddable":true,"href":"https:\/\/www.concoursmontreal.ca\/fr\/wp-json\/wp\/v2\/media\/22312"}],"wp:attachment":[{"href":"https:\/\/www.concoursmontreal.ca\/fr\/wp-json\/wp\/v2\/media?parent=22040"}],"curies":[{"name":"wp","href":"https:\/\/api.w.org\/{rel}","templated":true}]}}