{"id":22115,"date":"2022-02-16T21:00:15","date_gmt":"2022-02-17T02:00:15","guid":{"rendered":"https:\/\/www.concoursmontreal.ca\/?post_type=cmim-competitors&#038;p=22115"},"modified":"2022-06-20T22:43:57","modified_gmt":"2022-06-21T02:43:57","slug":"vladyslav-buialskyi","status":"publish","type":"cmim-competitors","link":"https:\/\/www.concoursmontreal.ca\/fr\/concurrents\/vladyslav-buialskyi\/","title":{"rendered":"Vladyslav Buialskyi"},"content":{"rendered":"<h2 style=\"text-align: left;\">VoIx 2022 &#8211; Volet Aria<\/h2>\n<p style=\"text-align: left;\"><span style=\"font-size: 16px;\"><strong><span style=\"color: #fc4237;\">Demi-finaliste<\/span><\/strong><\/span><\/p>\n<p>&nbsp;<\/p>\n<p style=\"text-align: left;\"><a class=\"maxbutton-66 maxbutton maxbutton-voix-2022\" href=\"https:\/\/www.concoursmontreal.ca\/fr\/decouvrez-le-cmim\/archives\/voix-2022\/\"><span class='mb-text'>Voix 2022<\/span><\/a><\/p>\n<p style=\"text-align: left;\"><\/p>\n<p>&nbsp;<\/p>\n<h2 style=\"text-align: left;\"><strong>BARYTON-Basse<\/strong><\/h2>\n<p style=\"text-align: left;\">\u00a0<\/p>\n<p style=\"text-align: left;\">2022 : Le baryton-basse ukrainien Vladyslav Buialskyi est actuellement membre du tr\u00e8s convoit\u00e9 Lindemann Young Artist Development Program du Metropolitan Opera. Il a fait ses d\u00e9buts sur la sc\u00e8ne principale du Met cette saison, dans leur production de Eugene Onegin.<\/p>\n<p style=\"text-align: left;\">Vladyslav Buialskyi a \u00e9t\u00e9 demi-finaliste du Concours Operalia en 2021. En 2019, il a remport\u00e9 le premier prix Brian Dickie Young Singers du concours Neue Stimmen, il a \u00e9t\u00e9 finaliste du Concours T\u00e9nor Vi\u00f1as et a remport\u00e9 le prix extraordinaire de l\u2019Accademia Musicale Chigiana d\u2019Italie. La m\u00eame ann\u00e9e, en tant que laur\u00e9at du prix sp\u00e9cial du Concours de chant Stanis\u0142aw Moniuszko, Vladyslav Buialskyi a donn\u00e9 un r\u00e9cital au Festival de musique polonaise de Cracovie.<\/p>\n<p>&nbsp;<\/p>\n<p style=\"text-align: left;\"><b><span data-contrast=\"none\">Formation<\/span><\/b>\u00a0<\/p>\n<p style=\"text-align: left;\">2017-2021: Acad\u00e9mie nationale de musique d\u2019Ukraine, Baccalaur\u00e9at<\/p>\n<p>&nbsp;<\/p>\n<p style=\"text-align: left;\"><strong>Professeurs principaux<\/strong><\/p>\n<ul>\n<li style=\"text-align: left;\">Koval Nikolay\u00a0: 2017-2021<\/li>\n<\/ul>\n<p>&nbsp;<\/p>\n<p style=\"text-align: left;\"><b><span data-contrast=\"none\">Prix et bourses<\/span><\/b>\u00a0<\/p>\n<ul>\n<li>2019\u00a0: Prix sp\u00e9cial, <em>St. Moniuszko Vocal Competition<\/em> (Cracovie)<\/li>\n<li>2019\u00a0: Prix <em>Brian Dickie Young Singers<\/em>, <em>Neue Stimmen<\/em><\/li>\n<li>2020\u00a0: Prix extraordinaire bourse de <em>l\u2019Accademia Chigiana<\/em> de Sienne, Concours T\u00e9nor Vi\u00f1as<\/li>\n<\/ul>\n<p>&nbsp;<\/p>\n<h2 style=\"text-align: left;\"><b><span data-contrast=\"none\">Programme<\/span><\/b><\/h2>\n<p style=\"text-align: left;\"><u>PREMI\u00c8RE \u00c9PREUVE (avec piano)<\/u><\/p>\n<p style=\"text-align: left;\"><strong>GEORGES BIZET\u00a0<\/strong>Quand la flamme de l&rsquo;amour<br \/><em>(Une vie pour le Tsar)<\/em><strong>\u00a0<\/strong><\/p>\n<p style=\"text-align: left;\"><strong>WOLFGANG AMADEUS MOZART<\/strong> Madamina, il catalogo \u00e8 questo<br \/>(<em>Don Giovanni)<\/em><\/p>\n<p style=\"text-align: left;\"><strong>CARL MARIA VON WEBER<\/strong> Schweig, schweig<br \/><em>(Le franc-tireur)<\/em><\/p>\n<p style=\"text-align: left;\"><strong>\u00a0<\/strong><\/p>\n<p style=\"text-align: left;\"><u>DEMI-FINALE<\/u><\/p>\n<p style=\"text-align: left;\"><strong>WOLFGANG AMADEUS MOZART<\/strong> Aprite un po&rsquo; quegli occhi<br \/><em>(Les noces de Figaro)<\/em><\/p>\n<p style=\"text-align: left;\"><strong>CHARLES GOUNOD<\/strong> Vous qui faites l&rsquo;endormie<br \/><em>(Faust)<\/em><em>\u00a0<\/em><\/p>\n<p style=\"text-align: left;\"><strong>GIUSEPPE VERDI <\/strong>Come dal ciel precipita<br \/><em>(Macbeth)<\/em><\/p>\n<p style=\"text-align: left;\">\u00a0<\/p>\n<p style=\"text-align: left;\"><em>Vladyslav Buialskyi est g\u00e9n\u00e9reusement parrain\u00e9 par Nancy Rowat et Ernest McNee.<\/em><\/p>\n<p><a href=\"https:\/\/www.concoursmontreal.ca\/fr\/concurrents\/harriet-burns\/\"><img loading=\"lazy\" decoding=\"async\" class=\"alignright wp-image-17690 size-full\" src=\"\/wp-content\/uploads\/2021\/02\/next-button.png\" alt=\"\" width=\"80\" height=\"80\" \/><\/a><\/p>\n<p>&nbsp;<\/p>\n<p style=\"text-align: left;\"><a class=\"maxbutton-74 maxbutton maxbutton-donnez-au-concours\" href=\"https:\/\/www.concoursmontreal.ca\/fr\/appuyez\/faire-un-don\/\"><span class='mb-text'>DONNEZ AU CONCOURS<\/span><\/a><\/p>\n","protected":false},"excerpt":{"rendered":"<p>VoIx 2022 &#8211; Volet Aria Demi-finaliste &nbsp; &nbsp; BARYTON-Basse \u00a0 2022 : Le baryton-basse ukrainien Vladyslav Buialskyi est actuellement membre du tr\u00e8s convoit\u00e9 Lindemann Young Artist Development Program du Metropolitan Opera. Il a fait ses d\u00e9buts sur la sc\u00e8ne principale du Met cette saison, dans leur production de Eugene Onegin. Vladyslav Buialskyi a \u00e9t\u00e9 demi-finaliste [&hellip;]<\/p>\n","protected":false},"featured_media":22330,"template":"","class_list":["post-22115","cmim-competitors","type-cmim-competitors","status-publish","has-post-thumbnail","hentry"],"acf":{"cmim_competitors_photo_credits":"","cmim_competitors_date_of_birth":"15\/08\/1997","cmim_competitors_country":"Ukraine","cmim_competitors_range":"Baryton-Basse"},"featured_media_src_url":"\/wp-content\/uploads\/2022\/02\/Vladyslav_Buialskyi-voix2022-01-400.jpg","_links":{"self":[{"href":"https:\/\/www.concoursmontreal.ca\/fr\/wp-json\/wp\/v2\/cmim-competitors\/22115","targetHints":{"allow":["GET"]}}],"collection":[{"href":"https:\/\/www.concoursmontreal.ca\/fr\/wp-json\/wp\/v2\/cmim-competitors"}],"about":[{"href":"https:\/\/www.concoursmontreal.ca\/fr\/wp-json\/wp\/v2\/types\/cmim-competitors"}],"version-history":[{"count":6,"href":"https:\/\/www.concoursmontreal.ca\/fr\/wp-json\/wp\/v2\/cmim-competitors\/22115\/revisions"}],"predecessor-version":[{"id":25458,"href":"https:\/\/www.concoursmontreal.ca\/fr\/wp-json\/wp\/v2\/cmim-competitors\/22115\/revisions\/25458"}],"wp:featuredmedia":[{"embeddable":true,"href":"https:\/\/www.concoursmontreal.ca\/fr\/wp-json\/wp\/v2\/media\/22330"}],"wp:attachment":[{"href":"https:\/\/www.concoursmontreal.ca\/fr\/wp-json\/wp\/v2\/media?parent=22115"}],"curies":[{"name":"wp","href":"https:\/\/api.w.org\/{rel}","templated":true}]}}