{"id":37346,"date":"2025-02-04T08:45:36","date_gmt":"2025-02-04T13:45:36","guid":{"rendered":"https:\/\/concoursmontreal.ca\/?post_type=cmim-competitors&#038;p=37346"},"modified":"2025-06-05T16:22:53","modified_gmt":"2025-06-05T20:22:53","slug":"hedvig-haugerud","status":"publish","type":"cmim-competitors","link":"https:\/\/www.concoursmontreal.ca\/fr\/concurrents\/hedvig-haugerud\/","title":{"rendered":"Hedvig Haugerud"},"content":{"rendered":"<p style=\"text-align: left;\"><a class=\"maxbutton-158 maxbutton maxbutton-voix-2025-fr\" href=\"https:\/\/concoursmontreal.ca\/fr\/voix-2025\/\"><span class='mb-text'>Voix 2025<\/span><\/a> <\/p>\n\n<p style=\"text-align: left;\">\u00a0<\/p>\n<p style=\"text-align: left;\"><span data-contrast=\"auto\">Apr\u00e8s avoir gradu\u00e9 de l\u2019Acad\u00e9mie norv\u00e9gienne de musique, Hedvig Haugerud a poursuivi ses \u00e9tudes au Conservatoire national sup\u00e9rieur de musique et de danse de Paris, avant de rejoindre l\u2019Acad\u00e9mie royale d\u2019op\u00e9ra du Danemark. Elle a r\u00e9cemment re\u00e7u des critiques \u00e9logieuses pour ses d\u00e9buts dans le r\u00f4le-titre de <\/span><i><span data-contrast=\"auto\">Salome<\/span><\/i><span data-contrast=\"auto\"> \u00e0 l\u2019Op\u00e9ra-Th\u00e9\u00e2tre de Metz. En 2023, Hedvig a interpr\u00e9t\u00e9 les r\u00f4les de Vierte Magd et Die Aufseherin dans l\u2019<\/span><i><span data-contrast=\"auto\">Elektra<\/span><\/i><span data-contrast=\"auto\"> de Strauss \u00e0 l\u2019Op\u00e9ra national de Norv\u00e8ge et \u00e0 l\u2019Op\u00e9ra Royal du Danemark. Elle participera \u00e0 un r\u00e9cital de m\u00e9lodies scandinaves au Festival de Bregenz cet \u00e9t\u00e9, et fera ses d\u00e9buts dans le r\u00f4le de Chrysothemis (<\/span><i><span data-contrast=\"auto\">Elektra<\/span><\/i><span data-contrast=\"auto\">) et <\/span><i><span data-contrast=\"auto\">Salome<\/span><\/i><span data-contrast=\"auto\"> au Nouveau Th\u00e9\u00e2tre National de Tokyo.<\/span><span data-ccp-props=\"{&quot;134233117&quot;:false,&quot;134233118&quot;:false,&quot;201341983&quot;:0,&quot;335559738&quot;:0,&quot;335559739&quot;:160,&quot;335559740&quot;:278}\">\u00a0<\/span><\/p>\n<p style=\"text-align: left;\"><span data-contrast=\"auto\">Parmi ses prochains engagements, on retrouve Grieg Songs, un concert qui sera pr\u00e9sent\u00e9 lors d\u2019une tourn\u00e9e en Espagne avec l\u2019Orchestre philharmonique des jeunes de Bergen, et le r\u00f4le de la Quatri\u00e8me servante dans une version concert d\u2019<\/span><i><span data-contrast=\"auto\">Elektra<\/span><\/i><span data-contrast=\"auto\"> aux c\u00f4t\u00e9s de l\u2019Orchestre Philharmonique de Bergen sous la direction de Kirill Petrenko. Elle incarnera \u00e9galement The Overseer dans le m\u00eame op\u00e9ra pour l\u2019Op\u00e9ra Royal du Danemark, dirig\u00e9 par Thomas S\u00f8nderg\u00e5rd.<\/span><\/p>\n<p style=\"text-align: left;\"><img loading=\"lazy\" decoding=\"async\" class=\"wp-image-22132 alignnone\" src=\"\/wp-content\/uploads\/2022\/02\/Piano_icon-2022.png\" alt=\"\" width=\"35\" height=\"32\" \/> : Ian Tindale<\/p>\n<p>&nbsp;<\/p>\n<p style=\"text-align: left;\"><span style=\"font-size: 14px;\"><strong>Professeurs principaux <\/strong><\/span><\/p>\n<ul>\n<li style=\"text-align: left;\"><span class=\"TextRun SCXW81267590 BCX8\" lang=\"EN-CA\" xml:lang=\"EN-CA\" data-contrast=\"none\"><span class=\"NormalTextRun SCXW81267590 BCX8\">Susanna Eken<\/span><\/span><\/li>\n<li style=\"text-align: left;\"><span class=\"TextRun SCXW81267590 BCX8\" lang=\"EN-CA\" xml:lang=\"EN-CA\" data-contrast=\"none\"><span class=\"NormalTextRun SCXW81267590 BCX8\">El\u00e8ne Golgevit<\/span><\/span><\/li>\n<li style=\"text-align: left;\"><span class=\"TextRun SCXW81267590 BCX8\" lang=\"EN-CA\" xml:lang=\"EN-CA\" data-contrast=\"none\"><span class=\"NormalTextRun SCXW81267590 BCX8\">Svein <\/span><span class=\"NormalTextRun SpellingErrorV2Themed SCXW81267590 BCX8\">Bj\u00f8rk\u00f8y<\/span><\/span><span class=\"EOP SCXW81267590 BCX8\" data-ccp-props=\"{&quot;134233117&quot;:false,&quot;134233118&quot;:false,&quot;335559738&quot;:0,&quot;335559739&quot;:0}\">\u00a0<\/span><\/li>\n<\/ul>\n<p style=\"text-align: left;\"><span style=\"font-size: 14px;\"><strong>Concours majeurs <\/strong><\/span><\/p>\n<ul>\n<li style=\"text-align: left;\"><span data-contrast=\"none\">1<\/span><span data-contrast=\"none\">er <\/span><span data-contrast=\"none\">prix, <\/span><span data-contrast=\"none\">The Lauritz Melchior International Singing Competition<\/span><span data-contrast=\"none\">, 2024\u00a0<\/span><span data-ccp-props=\"{&quot;134233117&quot;:false,&quot;134233118&quot;:false,&quot;335559738&quot;:0,&quot;335559739&quot;:0}\">\u00a0<\/span><\/li>\n<li style=\"text-align: left;\"><span data-contrast=\"none\">Prix de la presse, Mirjam Helin Singing Competition, 2024\u00a0<\/span><span data-ccp-props=\"{&quot;134233117&quot;:false,&quot;134233118&quot;:false,&quot;335559738&quot;:0,&quot;335559739&quot;:0}\">\u00a0<\/span><\/li>\n<li style=\"text-align: left;\"><span data-contrast=\"none\">2<\/span><span data-contrast=\"none\">e<\/span><span data-contrast=\"none\"> prix, Paris Op\u00e9ra Comp\u00e9tition, 2023<\/span><span data-ccp-props=\"{&quot;134233117&quot;:false,&quot;134233118&quot;:false,&quot;335559738&quot;:0,&quot;335559739&quot;:0}\">\u00a0<\/span><\/li>\n<\/ul>\n<hr \/>\n<p style=\"text-align: left;\"><span style=\"font-size: 18px;\"><strong>PROGRAMME<\/strong><\/span><\/p>\n<p style=\"text-align: left;\"><span style=\"text-decoration: underline;\">PREMI\u00c8RE \u00c9PREUVE : ARIA\u00a0<\/span><\/p>\n<p style=\"text-align: left;\"><b><span data-contrast=\"none\">JAAP NICO HAMBURGER<\/span><\/b><span data-contrast=\"none\"> How Full of Lightness We Were<\/span><span data-ccp-props=\"{&quot;134233117&quot;:false,&quot;134233118&quot;:false,&quot;201341983&quot;:0,&quot;335551550&quot;:1,&quot;335551620&quot;:1,&quot;335559685&quot;:0,&quot;335559737&quot;:0,&quot;335559738&quot;:0,&quot;335559739&quot;:0,&quot;335559740&quot;:279}\"><br \/><\/span><span data-contrast=\"none\">(<\/span><i><span data-contrast=\"none\">Ariella<\/span><\/i><span data-contrast=\"none\">)<\/span><\/p>\n<p style=\"text-align: left;\"><b><span data-contrast=\"none\">HECTOR BERLIOZ<\/span><\/b><span data-contrast=\"none\"> Les Grecs ont disparu!<\/span><span data-ccp-props=\"{&quot;134233117&quot;:false,&quot;134233118&quot;:false,&quot;201341983&quot;:0,&quot;335551550&quot;:1,&quot;335551620&quot;:1,&quot;335559685&quot;:0,&quot;335559737&quot;:0,&quot;335559738&quot;:0,&quot;335559739&quot;:0,&quot;335559740&quot;:279}\"><br \/><\/span><span data-contrast=\"none\">(<\/span><i><span data-contrast=\"none\">Les Troyens<\/span><\/i><span data-contrast=\"none\">)<\/span><\/p>\n<p style=\"text-align: left;\"><b><span data-contrast=\"none\">RICHARD WAGNER <\/span><\/b><span data-contrast=\"none\">Der M\u00e4nner Sippe sass hier im Saal<\/span>\u00a0<br \/><span data-contrast=\"none\">(<\/span><i><span data-contrast=\"none\">Die Walk\u00fcre<\/span><\/i><span data-contrast=\"none\">)<\/span><\/p>\n<p style=\"text-align: left;\"><span data-ccp-props=\"{&quot;134233117&quot;:false,&quot;134233118&quot;:false,&quot;335559738&quot;:0,&quot;335559739&quot;:0}\">\u00a0<\/span><\/p>\n<p style=\"text-align: left;\"><span style=\"text-decoration: underline;\">PREMI\u00c8RE \u00c9PREUVE : M\u00c9LODIE\u00a0<\/span><\/p>\n<p style=\"text-align: left;\"><b><span data-contrast=\"none\">HECTOR BERLIOZ <\/span><\/b><span data-contrast=\"none\">Sur les lagunes<\/span><span data-ccp-props=\"{&quot;134233117&quot;:false,&quot;134233118&quot;:false,&quot;335559738&quot;:0,&quot;335559739&quot;:0}\"><br \/><\/span><span data-contrast=\"none\">(<\/span><i><span data-contrast=\"none\">Les nuits d\u2019\u00e9t\u00e9<\/span><\/i><span data-contrast=\"none\">)<\/span><\/p>\n<p style=\"text-align: left;\"><b><span data-contrast=\"none\">RICHARD STRAUSS<\/span><\/b><span data-contrast=\"none\"> Ruhe, meine Seele!<\/span><span data-ccp-props=\"{&quot;134233117&quot;:false,&quot;134233118&quot;:false,&quot;335559738&quot;:0,&quot;335559739&quot;:0}\"><br \/><\/span><span data-contrast=\"none\">(<\/span><i><span data-contrast=\"none\">Vier Lieder<\/span><\/i><span data-contrast=\"none\">, op. 27)<\/span><\/p>\n<p style=\"text-align: left;\"><b><span data-contrast=\"none\">RICHARD STRAUSS<\/span><\/b><span data-contrast=\"none\"> Zueignung<\/span><span data-ccp-props=\"{&quot;134233117&quot;:false,&quot;134233118&quot;:false,&quot;201341983&quot;:0,&quot;335559738&quot;:0,&quot;335559739&quot;:0,&quot;335559740&quot;:279}\"><br \/><\/span><span data-contrast=\"none\">(<\/span><i><span data-contrast=\"none\">Acht Gedichte aus \u00a0\u00bbLetzte Bl\u00e4tter\u00a0\u00bb<\/span><\/i><span data-contrast=\"none\">, op. 10)<\/span><\/p>\n<p style=\"text-align: left;\">\u00a0<\/p>\n<p style=\"text-align: left;\"><a href=\"https:\/\/www.jedonneenligne.org\/cmim\/25PARRAIN\/\" target=\"_blank\" rel=\"noopener\"><img loading=\"lazy\" decoding=\"async\" class=\"alignnone wp-image-37201\" style=\"text-align: left;\" src=\"\/wp-content\/uploads\/2025\/01\/Voix2025_parrainage-sponsorship_fr_400x168.png\" alt=\"\" width=\"200\" height=\"84\" \/><\/a> <br \/><span style=\"font-size: 14px;\"><br \/>La pr\u00e9sence \u00e0 Montr\u00e9al d&rsquo;<strong>Hedvig Haugerud<\/strong>\u00a0est g\u00e9n\u00e9reusement parrain\u00e9e par\u00a0<strong><span style=\"color: #ff0000;\">Claude Rouleau<\/span>.<\/strong><br \/><\/span><\/p>\n<p style=\"text-align: left;\">\u00a0<\/p>\n<p style=\"text-align: left;\"><a class=\"maxbutton-141 maxbutton maxbutton-billets-et-forfaits\" href=\"https:\/\/www.concoursmontreal.ca\/fr\/violon-2026\/billetterie\/\"><span class='mb-text'>BILLETS ET FORFAITS<\/span><\/a> <\/p>\n<a class=\"maxbutton-168 maxbutton maxbutton-je-soutiens-le-concours\" target=\"_blank\" rel=\"noopener\" href=\"https:\/\/www.jedonneenligne.org\/cmim\/?lng=0\"><span class='mb-text'>JE SOUTIENS LE CONCOURS<\/span><\/a>\n<p style=\"text-align: left;\">\u00a0<\/p>\n","protected":false},"excerpt":{"rendered":"<p>\u00a0 Apr\u00e8s avoir gradu\u00e9 de l\u2019Acad\u00e9mie norv\u00e9gienne de musique, Hedvig Haugerud a poursuivi ses \u00e9tudes au Conservatoire national sup\u00e9rieur de musique et de danse de Paris, avant de rejoindre l\u2019Acad\u00e9mie royale d\u2019op\u00e9ra du Danemark. Elle a r\u00e9cemment re\u00e7u des critiques \u00e9logieuses pour ses d\u00e9buts dans le r\u00f4le-titre de Salome \u00e0 l\u2019Op\u00e9ra-Th\u00e9\u00e2tre de Metz. En 2023, [&hellip;]<\/p>\n","protected":false},"featured_media":36969,"template":"","class_list":["post-37346","cmim-competitors","type-cmim-competitors","status-publish","has-post-thumbnail","hentry"],"acf":{"cmim_competitors_photo_credits":"","cmim_competitors_date_of_birth":"Ville de r\u00e9sidence : Oslo <br\/><br\/> 30 ans","cmim_competitors_country":"Norv\u00e8ge ","cmim_competitors_range":"SOPRANO"},"featured_media_src_url":"\/wp-content\/uploads\/2025\/01\/Voix_2025_concurrents_Haugerud_Hedvig_carre-web_400x400.jpg","_links":{"self":[{"href":"https:\/\/www.concoursmontreal.ca\/fr\/wp-json\/wp\/v2\/cmim-competitors\/37346","targetHints":{"allow":["GET"]}}],"collection":[{"href":"https:\/\/www.concoursmontreal.ca\/fr\/wp-json\/wp\/v2\/cmim-competitors"}],"about":[{"href":"https:\/\/www.concoursmontreal.ca\/fr\/wp-json\/wp\/v2\/types\/cmim-competitors"}],"version-history":[{"count":5,"href":"https:\/\/www.concoursmontreal.ca\/fr\/wp-json\/wp\/v2\/cmim-competitors\/37346\/revisions"}],"predecessor-version":[{"id":40026,"href":"https:\/\/www.concoursmontreal.ca\/fr\/wp-json\/wp\/v2\/cmim-competitors\/37346\/revisions\/40026"}],"wp:featuredmedia":[{"embeddable":true,"href":"https:\/\/www.concoursmontreal.ca\/fr\/wp-json\/wp\/v2\/media\/36969"}],"wp:attachment":[{"href":"https:\/\/www.concoursmontreal.ca\/fr\/wp-json\/wp\/v2\/media?parent=37346"}],"curies":[{"name":"wp","href":"https:\/\/api.w.org\/{rel}","templated":true}]}}