{"id":35097,"date":"2024-09-02T08:00:48","date_gmt":"2024-09-02T12:00:48","guid":{"rendered":"https:\/\/concoursmontreal.ca\/?page_id=35097"},"modified":"2026-09-02T17:00:25","modified_gmt":"2026-09-02T21:00:25","slug":"chef","status":"publish","type":"page","link":"https:\/\/www.concoursmontreal.ca\/fr\/piano-2027\/chef\/","title":{"rendered":"Chef invit\u00e9"},"content":{"rendered":"<h2 style=\"text-align: left;\"><strong>Concours 2027 &#8211; CHEF INVIT\u00c9<\/strong><\/h2>\n<p style=\"text-align: left;\"><img loading=\"lazy\" decoding=\"async\" class=\"aligncenter size-full wp-image-46192\" src=\"\/wp-content\/uploads\/2026\/08\/Madaras_top-pour-site-web-scaled.jpg\" alt=\"\" width=\"2560\" height=\"747\" srcset=\"\/wp-content\/uploads\/2026\/08\/Madaras_top-pour-site-web-scaled.jpg 2560w, \/wp-content\/uploads\/2026\/08\/Madaras_top-pour-site-web-768x224.jpg 768w, \/wp-content\/uploads\/2026\/08\/Madaras_top-pour-site-web-1536x448.jpg 1536w, \/wp-content\/uploads\/2026\/08\/Madaras_top-pour-site-web-2048x597.jpg 2048w\" sizes=\"auto, (max-width: 2560px) 100vw, 2560px\" \/><\/p>\n<p style=\"text-align: left;\"><span style=\"font-size: 14px;\">Les concurrentes et concurrents auront encore pour la prochaine \u00e9dition du Concours la chance de se produire aux c\u00f4t\u00e9s de l&rsquo;Orchestre symphonique de Montr\u00e9al (OSM) pour les \u00e9preuves de la Finale. Pour l\u2019occasion, l\u2019orchestre officiel du <strong>Concours musical international de Montr\u00e9al<\/strong> sera plac\u00e9 sous la direction du chef d&rsquo;orchestre invit\u00e9 <strong>Gergely Madaras<\/strong>.<\/span><\/p>\n<p style=\"text-align: left;\"><span style=\"font-size: 14px;\">Le chef d\u2019orchestre hongrois <strong>Gergely Madaras<\/strong> a \u00e9t\u00e9 nomm\u00e9 \u00ab Chef d\u2019orchestre de l\u2019ann\u00e9e 2025 \u00bb aux Bart\u00f3k Radio Awards. Il a occup\u00e9 le poste de directeur musical de l\u2019Orchestre Philharmonique Royal de Li\u00e8ge de 2019 \u00e0 2025, o\u00f9 son mandat couronn\u00e9 de succ\u00e8s fut r\u00e9cemment salu\u00e9 par sa nomination au titre de Citoyen d\u2019honneur de la ville.<\/span><\/p>\n<p style=\"text-align: left;\"><span style=\"font-size: 14px;\"><img loading=\"lazy\" decoding=\"async\" class=\" wp-image-46197 alignleft\" src=\"\/wp-content\/uploads\/2026\/08\/Madaras_2025-02-pour-site-web-scaled.jpg\" alt=\"\" width=\"272\" height=\"317\" srcset=\"\/wp-content\/uploads\/2026\/08\/Madaras_2025-02-pour-site-web-scaled.jpg 2199w, \/wp-content\/uploads\/2026\/08\/Madaras_2025-02-pour-site-web-768x894.jpg 768w, \/wp-content\/uploads\/2026\/08\/Madaras_2025-02-pour-site-web-1319x1536.jpg 1319w, \/wp-content\/uploads\/2026\/08\/Madaras_2025-02-pour-site-web-1759x2048.jpg 1759w\" sizes=\"auto, (max-width: 272px) 100vw, 272px\" \/><\/span><\/p>\n<p style=\"text-align: left;\"><span style=\"font-size: 14px;\">Au cours de la saison 2026-2027, il fera ses d\u00e9buts avec l\u2019Orchestre symphonique de la NDR de Hanovre, l\u2019Orchestre symphonique de la SWR, l\u2019Orchestre national slovaque de Ko\u0161ice, l\u2019Orchestre philharmonique d\u2019Isra\u00ebl et l\u2019Orchestre symphonique de Kristiansand. Il dirigera \u00e0 nouveau l\u2019Orchestre philharmonique de Dresde, le London Philharmonic, l\u2019Orchestre de la radio norv\u00e9gienne, l\u2019Orchestre National de Mulhouse et le Royal Philharmonic Orchestra. Il collaborera \u00e9galement avec le NFM de Wroclaw dans le cadre d\u2019un programme c\u00e9l\u00e9brant \u00e0 la fois les anniversaires de Beethoven et de Dohn\u00e1nyi, ainsi qu\u2019\u00e0 un projet contemporain avec l\u2019Orchestre symphonique de la WDR dans le cadre du Festival de Witten.<\/span><\/p>\n<p style=\"text-align: left;\"><span style=\"font-size: 14px;\">Parmi ses r\u00e9centes prestations marquantes, citons des concerts avec les orchestres philharmoniques d\u2019Oslo, du Luxembourg et de Hong Kong, avec la Staatskapelle de Dresde, l\u2019Orchestre du Festival de Budapest, le BBC Symphony Orchestra, le BBC Philharmonic, l\u2019Orchestre Hall\u00e9, le City of Birmingham Symphony Orchestra, le World Jewish Philharmonic, l\u2019Orchestre philharmonique de Radio France, l\u2019Orchestre philharmonique de Monte-Carlo, l\u2019Orchestre national du Capitole de Toulouse, l\u2019Orchestra Sinfonica Nazionale della RAI, l\u2019Orchestre symphonique de l\u2019\u00c9tat de S\u00e3o Paulo, ainsi qu\u2019avec Il Pomo d\u2019Oro et Joyce DiDonato au Concertgebouw d\u2019Amsterdam, dans le cadre de la tourn\u00e9e <em>EDEN<\/em>.<\/span><\/p>\n<p style=\"text-align: left;\"><span style=\"font-size: 14px;\">La saison derni\u00e8re, il a fait des d\u00e9buts remarqu\u00e9s avec l\u2019Orchestre philharmonique de Dresde, le NDR Elbphilharmonie, le Staatskapelle de Dresde et l\u2019Orchestre philharmonique de Hong Kong; au Palau de la M\u00fasica de Valence de m\u00eame qu\u2019\u00e0 Mulhouse, \u00e0 Tampere et Trondheim; ainsi qu\u2019au Welsh National Opera (<em>Tosca<\/em>). Il a \u00e9galement dirig\u00e9 l\u2019Orchestre symphonique de la NHK, l\u2019Orchestre philharmonique du Luxembourg, l\u2019Orchestre philharmonique d\u2019Oslo, l\u2019Orchestre philharmonique de Turku, l\u2019Orchestre philharmonique de Varsovie, le Bournemouth Symphony Orchestra, le BBC National Orchestra of Wales, ainsi qu\u2019\u00e0 l\u2019Op\u00e9ra national de Hongrie et lors d\u2019un projet sp\u00e9cial avec l\u2019Orchestre symphonique de la Radio hongroise c\u00e9l\u00e9brant le 100<sup>e<\/sup> anniversaire de Gy\u00f6rgy Kurt\u00e1g.<\/span><\/p>\n<p style=\"text-align: left;\"><span style=\"font-size: 14px;\">Gergely Madaras a \u00e9t\u00e9 le premier titulaire de la bourse Sir Charles Mackerras au National English Opera. Au cours des derni\u00e8res saisons, il a dirig\u00e9 des productions acclam\u00e9es par la critique \u00e0 l\u2019Op\u00e9ra national des Pays-Bas, au Grand Th\u00e9\u00e2tre de Gen\u00e8ve, \u00e0 La Monnaie et \u00e0 l\u2019Op\u00e9ra national de Hongrie.<\/span><\/p>\n<p>&nbsp;<\/p>\n<p style=\"text-align: center;\"><a href=\"https:\/\/www.ritzcarlton.com\/fr\/hotels\/yulrm-the-ritz-carlton-montreal\/overview\/\"><img loading=\"lazy\" decoding=\"async\" class=\" wp-image-33226 aligncenter\" src=\"\/wp-content\/uploads\/2023\/10\/Ritz-Carlton_Montreal_Logo.svg_.png\" alt=\"\" width=\"140\" height=\"103\" \/><\/a><\/p>\n<p style=\"text-align: center;\">Le chef invit\u00e9 du <span style=\"font-size: 14px;\"><strong>Concours musical international de Montr\u00e9al<\/strong><\/span> est h\u00e9berg\u00e9 au Ritz-Carlton \u2013 Montr\u00e9al<\/p>\n<p>&nbsp;<\/p>\n<p style=\"text-align: center;\"><a class=\"maxbutton-196 maxbutton maxbutton-concours-2027-fr\" target=\"_blank\" rel=\"noopener\" href=\"https:\/\/concoursmontreal.ca\/fr\/piano-2027\/\"><span class='mb-text'>ACCUEIL - CONCOURS 2027<\/span><\/a><\/p>\n<p style=\"text-align: center;\"><a class=\"maxbutton-74 maxbutton maxbutton-donnez-au-concours\" href=\"https:\/\/www.concoursmontreal.ca\/fr\/appuyez\/faire-un-don\/\"><span class='mb-text'>DONNEZ AU CONCOURS<\/span><\/a><\/p>\n","protected":false},"excerpt":{"rendered":"<p>Concours 2027 &#8211; CHEF INVIT\u00c9 Les concurrentes et concurrents auront encore pour la prochaine \u00e9dition du Concours la chance de se produire aux c\u00f4t\u00e9s de l&rsquo;Orchestre symphonique de Montr\u00e9al (OSM) pour les \u00e9preuves de la Finale. Pour l\u2019occasion, l\u2019orchestre officiel du Concours musical international de Montr\u00e9al sera plac\u00e9 sous la direction du chef d&rsquo;orchestre invit\u00e9 [&hellip;]<\/p>\n","protected":false},"author":1,"featured_media":0,"parent":44304,"menu_order":10,"comment_status":"closed","ping_status":"closed","template":"","meta":{"_acf_changed":false,"footnotes":""},"class_list":["post-35097","page","type-page","status-publish","hentry"],"acf":[],"_links":{"self":[{"href":"https:\/\/www.concoursmontreal.ca\/fr\/wp-json\/wp\/v2\/pages\/35097","targetHints":{"allow":["GET"]}}],"collection":[{"href":"https:\/\/www.concoursmontreal.ca\/fr\/wp-json\/wp\/v2\/pages"}],"about":[{"href":"https:\/\/www.concoursmontreal.ca\/fr\/wp-json\/wp\/v2\/types\/page"}],"author":[{"embeddable":true,"href":"https:\/\/www.concoursmontreal.ca\/fr\/wp-json\/wp\/v2\/users\/1"}],"replies":[{"embeddable":true,"href":"https:\/\/www.concoursmontreal.ca\/fr\/wp-json\/wp\/v2\/comments?post=35097"}],"version-history":[{"count":5,"href":"https:\/\/www.concoursmontreal.ca\/fr\/wp-json\/wp\/v2\/pages\/35097\/revisions"}],"predecessor-version":[{"id":46486,"href":"https:\/\/www.concoursmontreal.ca\/fr\/wp-json\/wp\/v2\/pages\/35097\/revisions\/46486"}],"up":[{"embeddable":true,"href":"https:\/\/www.concoursmontreal.ca\/fr\/wp-json\/wp\/v2\/pages\/44304"}],"wp:attachment":[{"href":"https:\/\/www.concoursmontreal.ca\/fr\/wp-json\/wp\/v2\/media?parent=35097"}],"curies":[{"name":"wp","href":"https:\/\/api.w.org\/{rel}","templated":true}]}}